{"id":506,"date":"2021-01-14T15:50:42","date_gmt":"2021-01-14T15:50:42","guid":{"rendered":"https:\/\/test.chateaurochefort.ch\/?page_id=506"},"modified":"2021-02-16T16:42:57","modified_gmt":"2021-02-16T16:42:57","slug":"retrospectives","status":"publish","type":"page","link":"https:\/\/chateaurochefort.ch\/?page_id=506","title":{"rendered":"R\u00e9trospectives"},"content":{"rendered":"\t\t<div data-elementor-type=\"wp-page\" data-elementor-id=\"506\" class=\"elementor elementor-506\">\n\t\t\t\t\t\t<section class=\"elementor-section elementor-top-section elementor-element elementor-element-48e7645 elementor-section-boxed elementor-section-height-default elementor-section-height-default\" data-id=\"48e7645\" data-element_type=\"section\" data-e-type=\"section\">\n\t\t\t\t\t\t<div class=\"elementor-container elementor-column-gap-default\">\n\t\t\t\t\t<div class=\"elementor-column elementor-col-100 elementor-top-column elementor-element elementor-element-546819b\" data-id=\"546819b\" data-element_type=\"column\" data-e-type=\"column\">\n\t\t\t<div class=\"elementor-widget-wrap elementor-element-populated\">\n\t\t\t\t\t\t<div class=\"elementor-element elementor-element-19b2f7d elementor-widget elementor-widget-text-editor\" data-id=\"19b2f7d\" data-element_type=\"widget\" data-e-type=\"widget\" data-widget_type=\"text-editor.default\">\n\t\t\t\t<div class=\"elementor-widget-container\">\n\t\t\t\t\t\t\t\t\t<div id=\"Text2\"><p><span style=\"font-family: Trebuchet MS;\"><b>Que s&rsquo;est-il pass\u00e9 avant ? <\/b><\/span><span style=\"font-family: Calibri;\">\u00a0\u00a0\u00a0\u00a0\u00a0\u00a0\u00a0\u00a0\u00a0\u00a0\u00a0\u00a0\u00a0\u00a0\u00a0\u00a0\u00a0\u00a0\u00a0\u00a0\u00a0\u00a0 (Textes repris de la Revue historique neuch\u00e2teloise 2013\/01)<\/span><\/p><p><span style=\"font-family: Calibri;\">Bien que le souvenir du ch\u00e2teau ne se soit jamais perdu, il faut attendre l&rsquo;ann\u00e9e 1861 pour que d\u00e9bute une premi\u00e8re exploration du site, sous d&rsquo;assez mauvais auspices d&rsquo;ailleurs. Cette ann\u00e9e-l\u00e0, \u00ab\u00a0<i>un chercheur de tr\u00e9sors ayant affirm\u00e9 qu&rsquo;ils&rsquo;en trouvait un dans les ruines du ch\u00e2teau, quelques aventuriers entreprirent de les explorer. Ils renonc\u00e8rent bient\u00f4t \u00e0 leur ingrate besogne, mais ils avaientd\u00e9blay\u00e9s les d\u00e9combres et mis au jour les soubassements de fortes murailles. Ces ruines parurent si int\u00e9ressantes aux habitants du village que plusieurs d&rsquo;entre eux s&rsquo;associ\u00e8rent pour achever les fouilles et mettre au jour tout ce qu&rsquo;on pourrait de ces curieux vestiges. On d\u00e9couvrit ainsi les fondations d&rsquo;une tour p\u00e9n\u00e9trant de six m\u00e8tres dans le sous-sol et dont les murs avaient deux m\u00e8tresd&rsquo;\u00e9paisseur <\/i>\u00ab\u00a0. Cette premi\u00e8re fouille arch\u00e9ologique d&rsquo;un ch\u00e2teau neuch\u00e2telois fut conduite entre le 22 juin et le 13 juillet 1862 par le pasteur James Lardy, qui d\u00e9sirait am\u00e9nager l&rsquo;acc\u00e8s du site pour en faire un \u00ab\u00a0<i>lieu de promenadeagr\u00e9able et pour attirer les \u00e9trangers qui visitent la Suisse<\/i>\u00ab\u00a0.\u00a0 En 1879, la Soci\u00e9t\u00e9 d&rsquo;histoire et d&rsquo;arch\u00e9ologie, qui tenait son assembl\u00e9e \u00e0 Rochefort, d\u00e9gagea 200 francs pour conduire des fouilles, d\u00e9cevantes nous dit-on, sous la direction du colonel Alphonse de Mandrot auquel nous devons tout de m\u00eame le premier plan de situation des vestiges ma\u00e7onn\u00e9s. Ce plan fut compl\u00e9t\u00e9 de deux autres relev\u00e9s publi\u00e9s des m\u00eames vestiges, en 1894 par Jules Colin et en 1901 par l&rsquo;architecte Emile Vassaux, probablement pr\u00e9c\u00e9d\u00e9s dequelques\u00a0 investigations suppl\u00e9mentaires. Entre 1934 et 1936, une fouille g\u00e9n\u00e9rale du site a bien failli avoir lieu sur la base d&rsquo;un projet d&rsquo;occupation de ch\u00f4meurs qui se proposait de d\u00e9gager les vestiges et de reconstruire le ch\u00e2teau\u00a0 pour y installer une auberge de jeunesse(!). Malgr\u00e9 l&rsquo;aval conditionnel de la commission cantonale des monuments historiques, la fouille n&rsquo;alla probablement jamais au-del\u00e0 d&rsquo;un important d\u00e9broussaillage du site. <\/span><\/p><p><span style=\"font-family: Calibri;\">Plus r\u00e9cemment, un certain nombre de trouvailles isol\u00e9es et mal contextualis\u00e9es ont enrichi collections priv\u00e9es et publiques. Celles qui ont \u00e9t\u00e9port\u00e9es \u00e0 notre connaissance comprennent en particulier la production et les outils d&rsquo;un atelier de faux-monnayage du XIV<\/span><span style=\"font-family: Calibri;\">e<\/span><span style=\"font-family: Calibri;\"> si\u00e8cle \u00e9tudi\u00e9s et publi\u00e9s par Marguerite Spoerri en 1995, des tuiles romaines, une monnaie romaine, des tessons de c\u00e9ramique de l&rsquo;\u00e2ge du Bronze, ainsi que de nombreux \u00e9l\u00e9ments m\u00e9talliques m\u00e9di\u00e9vaux: clous, carreaux d&rsquo;arbal\u00e8te, fers \u00e0 cheval, \u00e9peron, lames de couteau, faucilles, boucles de ceinture, cl\u00e9s, cloche, etc. En 2012, la section Conservation du patrimoine de l&rsquo;Office du patrimoine et de l&rsquo;arch\u00e9ologie du canton de Neuch\u00e2tel (OPAN) a fait proc\u00e9der \u00e0 un relev\u00e9 topographique complet du site, \u00e0 une \u00e9valuation du potentiel arch\u00e9ologique et \u00e0 une premi\u00e8re \u00e9valuation des besoins de restauration. <\/span><\/p><\/div>\t\t\t\t\t\t\t\t<\/div>\n\t\t\t\t<\/div>\n\t\t\t\t\t<\/div>\n\t\t<\/div>\n\t\t\t\t\t<\/div>\n\t\t<\/section>\n\t\t\t\t<section class=\"elementor-section elementor-top-section elementor-element elementor-element-99e68c1 elementor-section-boxed elementor-section-height-default elementor-section-height-default\" data-id=\"99e68c1\" data-element_type=\"section\" data-e-type=\"section\">\n\t\t\t\t\t\t<div class=\"elementor-container elementor-column-gap-default\">\n\t\t\t\t\t<div class=\"elementor-column elementor-col-100 elementor-top-column elementor-element elementor-element-89e2709\" data-id=\"89e2709\" data-element_type=\"column\" data-e-type=\"column\">\n\t\t\t<div class=\"elementor-widget-wrap elementor-element-populated\">\n\t\t\t\t\t\t<div class=\"elementor-element elementor-element-b8086a3 elementor-widget elementor-widget-text-editor\" data-id=\"b8086a3\" data-element_type=\"widget\" data-e-type=\"widget\" data-widget_type=\"text-editor.default\">\n\t\t\t\t<div class=\"elementor-widget-container\">\n\t\t\t\t\t\t\t\t\t<div id=\"Text7\"><p><span style=\"font-family: Arial;\"><b>Informations sur le d\u00e9roul\u00e9 du projet. <\/b><\/span><span style=\"font-family: Arial;\">11.mars.2019<\/span><\/p><p><span style=\"font-family: Arial;\">Ce printemps\u00a0 de nouvelles activit\u00e9s devraient se d\u00e9rouler sur le site du ch\u00e2teau de Rochefort. La poursuite de la sauvegarde des murs est essentielle pour p\u00e9renniser ce site. Le document que vous pouvez consulter <\/span><span style=\"font-family: Arial;\">constitue un r\u00e9sum\u00e9 des activit\u00e9s faites sous l&rsquo;\u00e9gide de l&rsquo;OPAN.<\/span><\/p><\/div><p><a href=\"https:\/\/test.chateaurochefort.ch\/wp-content\/uploads\/2021\/01\/Projet-de-restauration-et-de-mise-en-valeur-des-ruines-du-chateau-de-Rochefort.pdf\"><strong>Projet de restauration et de mise en valeur des ruines du ch\u00e2teau de Rochefort<\/strong><\/a><\/p>\t\t\t\t\t\t\t\t<\/div>\n\t\t\t\t<\/div>\n\t\t\t\t\t<\/div>\n\t\t<\/div>\n\t\t\t\t\t<\/div>\n\t\t<\/section>\n\t\t\t\t<section class=\"elementor-section elementor-top-section elementor-element elementor-element-02dab93 elementor-section-boxed elementor-section-height-default elementor-section-height-default\" data-id=\"02dab93\" data-element_type=\"section\" data-e-type=\"section\">\n\t\t\t\t\t\t<div class=\"elementor-container elementor-column-gap-default\">\n\t\t\t\t\t<div class=\"elementor-column elementor-col-100 elementor-top-column elementor-element elementor-element-ae66387\" data-id=\"ae66387\" data-element_type=\"column\" data-e-type=\"column\">\n\t\t\t<div class=\"elementor-widget-wrap elementor-element-populated\">\n\t\t\t\t\t\t<div class=\"elementor-element elementor-element-4471701 elementor-widget elementor-widget-text-editor\" data-id=\"4471701\" data-element_type=\"widget\" data-e-type=\"widget\" data-widget_type=\"text-editor.default\">\n\t\t\t\t<div class=\"elementor-widget-container\">\n\t\t\t\t\t\t\t\t\t<div id=\"Text5\"><p><span style=\"font-family: Arial;\"><b>D\u00e9cision du Conseil g\u00e9n\u00e9ral de Rochefort.\u00a0\u00a0 <\/b><\/span><span style=\"font-family: Arial;\">8 novembre 2017<\/span><\/p><p><span style=\"font-family: Arial;\">Dans sa s\u00e9ance du 8 novembre 2017, le Conseil g\u00e9n\u00e9ral de Rochefort a accept\u00e9 le rapport du Conseil communal et ainsi accord\u00e9 un montant de CHF 20&rsquo;000.&#8211; destin\u00e9 aux travaux de mise en valeur du site. En sus de ce montant il est \u00e9galement pr\u00e9vu que le personnel forestier soit \u00e9ventuellement sollicit\u00e9 dans le cadre des travaux qui seront entrepris.<\/span><\/p><p><span style=\"font-family: Arial;\">Le rapport complet peut-\u00eatre consult\u00e9: <\/span><span style=\"font-family: Arial;\"><b><a href=\"https:\/\/test.chateaurochefort.ch\/wp-content\/uploads\/2021\/01\/Rochefort___Soutien_financier_AACRO.pdf\">Rochefort___Soutien_financier_AACRO<\/a><\/b><\/span><\/p><\/div>\t\t\t\t\t\t\t\t<\/div>\n\t\t\t\t<\/div>\n\t\t\t\t\t<\/div>\n\t\t<\/div>\n\t\t\t\t\t<\/div>\n\t\t<\/section>\n\t\t\t\t<section class=\"elementor-section elementor-top-section elementor-element elementor-element-90e2286 elementor-section-boxed elementor-section-height-default elementor-section-height-default\" data-id=\"90e2286\" data-element_type=\"section\" data-e-type=\"section\">\n\t\t\t\t\t\t<div class=\"elementor-container elementor-column-gap-default\">\n\t\t\t\t\t<div class=\"elementor-column elementor-col-100 elementor-top-column elementor-element elementor-element-f252892\" data-id=\"f252892\" data-element_type=\"column\" data-e-type=\"column\">\n\t\t\t<div class=\"elementor-widget-wrap elementor-element-populated\">\n\t\t\t\t\t\t<div class=\"elementor-element elementor-element-0663a24 elementor-widget elementor-widget-text-editor\" data-id=\"0663a24\" data-element_type=\"widget\" data-e-type=\"widget\" data-widget_type=\"text-editor.default\">\n\t\t\t\t<div class=\"elementor-widget-container\">\n\t\t\t\t\t\t\t\t\t<p><span style=\"font-family: Arial;\"><b>Le Canton octroie une subvention\u00a0 <\/b><\/span><span style=\"font-family: Arial;\">(Extrait de l&rsquo;article paru dans l&rsquo;Express le 25 avril 2017)<\/span><\/p><p><span style=\"font-family: Arial;\">\u00a0Par Nicolas Heiniger<\/span><\/p><p><span style=\"font-family: Arial;\">PATRIMOINE &#8211; Le canton a octroy\u00e9 une subvention de 52 000 francs pour la conservation et la mise en valeur des ruines du ch\u00e2teau de Rochefort<\/span><\/p><p><span style=\"font-family: Arial;\">L&rsquo;article complet peut \u00eatre lu : <a href=\"https:\/\/test.chateaurochefort.ch\/wp-content\/uploads\/2021\/01\/Express_25-04-2017_page12.pdf\"><strong>Express_25-04-2017_page12<\/strong><\/a> <\/span><\/p>\t\t\t\t\t\t\t\t<\/div>\n\t\t\t\t<\/div>\n\t\t\t\t\t<\/div>\n\t\t<\/div>\n\t\t\t\t\t<\/div>\n\t\t<\/section>\n\t\t\t\t<section class=\"elementor-section elementor-top-section elementor-element elementor-element-cb78726 elementor-section-boxed elementor-section-height-default elementor-section-height-default\" data-id=\"cb78726\" data-element_type=\"section\" data-e-type=\"section\">\n\t\t\t\t\t\t<div class=\"elementor-container elementor-column-gap-default\">\n\t\t\t\t\t<div class=\"elementor-column elementor-col-100 elementor-top-column elementor-element elementor-element-d253a21\" data-id=\"d253a21\" data-element_type=\"column\" data-e-type=\"column\">\n\t\t\t<div class=\"elementor-widget-wrap elementor-element-populated\">\n\t\t\t\t\t\t<div class=\"elementor-element elementor-element-f4176e8 elementor-widget elementor-widget-text-editor\" data-id=\"f4176e8\" data-element_type=\"widget\" data-e-type=\"widget\" data-widget_type=\"text-editor.default\">\n\t\t\t\t<div class=\"elementor-widget-container\">\n\t\t\t\t\t\t\t\t\t<div id=\"Text8\"><p><span style=\"font-family: Arial;\"><b>Lat\u00e9nium<\/b><\/span><\/p><p><span style=\"font-family: Arial;\">Le mus\u00e9e neuch\u00e2telois\u00a0 Lat\u00e9nium a ferm\u00e9 l&rsquo;exposition\u00a0 \u00ab\u00a0Emotions patrimoniales\u00a0\u00bb. Dans le cadre de la pr\u00e9paration de cette exposition, la commissaire de l&rsquo;exposition a interview\u00e9 deux membres de l&rsquo;AACRO en relation avec le patrimoine et ce sur le site du ch\u00e2teau de Rochefort. Il en est ressorti une vid\u00e9o que nous avons le privil\u00e8ge de montrer sur notre site internet. Merci \u00e0 la direction du Lat\u00e9nium. Voir la vid\u00e9o <\/span><a title=\"\"><span style=\"color: #0000ff; font-family: Arial;\"><u>ICI<\/u><\/span><\/a><\/p><\/div>\t\t\t\t\t\t\t\t<\/div>\n\t\t\t\t<\/div>\n\t\t\t\t\t<\/div>\n\t\t<\/div>\n\t\t\t\t\t<\/div>\n\t\t<\/section>\n\t\t\t\t<\/div>\n\t\t","protected":false},"excerpt":{"rendered":"<p>Que s&rsquo;est-il pass\u00e9 avant ? \u00a0\u00a0\u00a0\u00a0\u00a0\u00a0\u00a0\u00a0\u00a0\u00a0\u00a0\u00a0\u00a0\u00a0\u00a0\u00a0\u00a0\u00a0\u00a0\u00a0\u00a0\u00a0 (Textes repris de la Revue historique neuch\u00e2teloise 2013\/01) Bien que le souvenir du ch\u00e2teau ne se soit jamais perdu, il faut attendre l&rsquo;ann\u00e9e 1861 pour que d\u00e9bute une premi\u00e8re exploration du site, sous d&rsquo;assez mauvais auspices d&rsquo;ailleurs. Cette ann\u00e9e-l\u00e0, \u00ab\u00a0un chercheur de tr\u00e9sors ayant affirm\u00e9 qu&rsquo;ils&rsquo;en trouvait un dans [&hellip;]<\/p>\n","protected":false},"author":1,"featured_media":0,"parent":0,"menu_order":0,"comment_status":"closed","ping_status":"closed","template":"","meta":{"ngg_post_thumbnail":0,"footnotes":""},"class_list":["post-506","page","type-page","status-publish","hentry"],"_links":{"self":[{"href":"https:\/\/chateaurochefort.ch\/index.php?rest_route=\/wp\/v2\/pages\/506","targetHints":{"allow":["GET"]}}],"collection":[{"href":"https:\/\/chateaurochefort.ch\/index.php?rest_route=\/wp\/v2\/pages"}],"about":[{"href":"https:\/\/chateaurochefort.ch\/index.php?rest_route=\/wp\/v2\/types\/page"}],"author":[{"embeddable":true,"href":"https:\/\/chateaurochefort.ch\/index.php?rest_route=\/wp\/v2\/users\/1"}],"replies":[{"embeddable":true,"href":"https:\/\/chateaurochefort.ch\/index.php?rest_route=%2Fwp%2Fv2%2Fcomments&post=506"}],"version-history":[{"count":8,"href":"https:\/\/chateaurochefort.ch\/index.php?rest_route=\/wp\/v2\/pages\/506\/revisions"}],"predecessor-version":[{"id":653,"href":"https:\/\/chateaurochefort.ch\/index.php?rest_route=\/wp\/v2\/pages\/506\/revisions\/653"}],"wp:attachment":[{"href":"https:\/\/chateaurochefort.ch\/index.php?rest_route=%2Fwp%2Fv2%2Fmedia&parent=506"}],"curies":[{"name":"wp","href":"https:\/\/api.w.org\/{rel}","templated":true}]}}